{"id":7856,"date":"2024-11-27T16:40:20","date_gmt":"2024-11-27T15:40:20","guid":{"rendered":"https:\/\/yestoday.fr\/?post_type=product&#038;p=7856"},"modified":"2025-10-10T16:16:02","modified_gmt":"2025-10-10T14:16:02","slug":"veste-de-travail-reteinte_en-noir-angela","status":"publish","type":"product","link":"https:\/\/yestoday.fr\/en\/product\/veste-de-travail-reteinte_en-noir-angela\/","title":{"rendered":"Veste de travail reteinte en noir Angela"},"content":{"rendered":"<p>Nous avons chin\u00e9 pour vous une veste de travail en coton, \u00e0 la coupe serr\u00e9e. Elle est en \u00e9tat impeccable et agr\u00e9ment\u00e9e d&rsquo;une teinture noire made by yestoday. Nous en avons fait une pi\u00e8ce d\u2019exception avec sa s\u00e9rigraphie \u00ab\u00a0Angela Davis\u00a0\u00bb ode \u00e0 la libert\u00e9. La couleur bleue des coutures accentue le charme de l&rsquo;ensemble.<\/p>\n<p>Cette veste au port serr\u00e9 dispose de trois poches hautes ext\u00e9rieures et une poche int\u00e9rieur.<\/p>\n<p>100% cotton, soft and pleasant to wear.<\/p>\n<p><strong>La taille est un 48, un M. <\/strong><\/p>\n<p><strong>D&rsquo;\u00e9paule \u00e0 \u00e9paule : 48 cm<\/strong><\/p>\n<p><strong>La longueur des manches : 60 cm<\/strong><\/p>\n<p><strong>De la base du col au bas du v\u00eatement, 72 cm<\/strong><\/p>\n<p><strong> Peut convenir \u00e0 un tour de buste allant de 84 \u00e0 92 cm.<\/strong><\/p>\n<p>\u00c0 vos rubans mesureurs, indispensables pour tous les achats en ligne !<\/p>\n<p>Pour sublimer cette veste, les artisans de Yestoday ont r\u00e9alis\u00e9 plusieurs s\u00e9rigraphies sur ce v\u00eatement: dans le dos avec Angela, le logo <em>be rare<\/em> au dessus de la poche gauche, <em>Yestoday<\/em> sur le haut de la manche droite et bien s\u00fbr l\u2019\u00e9tiquette int\u00e9rieure coquine et son num\u00e9rotage \u00e0 la main, \u00e0 l&rsquo;int\u00e9rieur.<\/p>\n<p>Pour que la libert\u00e9 soit notre credo, tout le temps !<\/p>\n<p>Tous les produits Yestoday sont imprim\u00e9s \u00e0 la main dans la tradition artisanale Montreuilloise.<\/p>\n<p>Unique piece.<\/p>\n<p>Pour la taille, on a essay\u00e9 d&rsquo;\u00eatre le plus pr\u00e9cis possible. Mais n\u2019h\u00e9sitez pas \u00e0 nous envoyer un petit mail si vous d\u00e9sirez avoir plus d&rsquo;informations.<\/p>\n<p>These jackets are for everyone.<\/p>","protected":false},"excerpt":{"rendered":"<p>Une veste \u00e0 la couleur singuli\u00e8re<\/p>\n<p>Couleur noir, fils bleus<\/p>\n<p>Taille 48<\/p>\n<p>Une ic\u00f4ne , Angela Davis<\/p>\n<p>Que la libert\u00e9 perdure<\/p>","protected":false},"featured_media":7860,"template":"","meta":{"_uag_custom_page_level_css":""},"product_brand":[],"product_cat":[309,248,311,334],"product_tag":[339,346,355,165,356,167,209,571,576,692,693,694,338],"class_list":{"0":"post-7856","1":"product","2":"type-product","3":"status-publish","4":"has-post-thumbnail","6":"product_cat-a-la-une","7":"product_cat-upcycling","8":"product_cat-pieces-uniques","9":"product_cat-jackets","10":"product_tag-veste-de-travail","11":"product_tag-chore-jacket","12":"product_tag-upcycling","13":"product_tag-serigraphie","14":"product_tag-coton","15":"product_tag-silkscreen","16":"product_tag-droits-civiques","17":"product_tag-angela-davis","18":"product_tag-liberte","19":"product_tag-veste-northwest","20":"product_tag-teinture-noire","21":"product_tag-70s","22":"product_tag-veste","24":"first","25":"instock","26":"taxable","27":"shipping-taxable","28":"product-type-simple"},"uagb_featured_image_src":{"full":["https:\/\/yestoday.fr\/wp-content\/uploads\/2024\/11\/veste_new_pilot_reteinte_noir_48_angela_davis_face.png",2276,2560,false],"thumbnail":["https:\/\/yestoday.fr\/wp-content\/uploads\/2024\/11\/veste_new_pilot_reteinte_noir_48_angela_davis_face-150x150.png",150,150,true],"medium":["https:\/\/yestoday.fr\/wp-content\/uploads\/2024\/11\/veste_new_pilot_reteinte_noir_48_angela_davis_face-267x300.png",267,300,true],"medium_large":["https:\/\/yestoday.fr\/wp-content\/uploads\/2024\/11\/veste_new_pilot_reteinte_noir_48_angela_davis_face-768x864.png",640,720,true],"large":["https:\/\/yestoday.fr\/wp-content\/uploads\/2024\/11\/veste_new_pilot_reteinte_noir_48_angela_davis_face-910x1024.png",640,720,true],"1536x1536":["https:\/\/yestoday.fr\/wp-content\/uploads\/2024\/11\/veste_new_pilot_reteinte_noir_48_angela_davis_face-1366x1536.png",1366,1536,true],"2048x2048":["https:\/\/yestoday.fr\/wp-content\/uploads\/2024\/11\/veste_new_pilot_reteinte_noir_48_angela_davis_face-1821x2048.png",1821,2048,true],"trp-custom-language-flag":["https:\/\/yestoday.fr\/wp-content\/uploads\/2024\/11\/veste_new_pilot_reteinte_noir_48_angela_davis_face-11x12.png",11,12,true],"woocommerce_thumbnail":["https:\/\/yestoday.fr\/wp-content\/uploads\/2024\/11\/veste_new_pilot_reteinte_noir_48_angela_davis_face-300x337.png",300,337,true],"woocommerce_single":["https:\/\/yestoday.fr\/wp-content\/uploads\/2024\/11\/veste_new_pilot_reteinte_noir_48_angela_davis_face-600x675.png",600,675,true],"woocommerce_gallery_thumbnail":["https:\/\/yestoday.fr\/wp-content\/uploads\/2024\/11\/veste_new_pilot_reteinte_noir_48_angela_davis_face-100x100.png",100,100,true]},"uagb_author_info":{"display_name":"Mcmontreuil","author_link":"https:\/\/yestoday.fr\/en\/author\/"},"uagb_comment_info":0,"uagb_excerpt":"Une veste \u00e0 la couleur singuli\u00e8re Couleur noir, fils bleus Taille 48 Une ic\u00f4ne , Angela Davis Que la libert\u00e9 perdure","_links":{"self":[{"href":"https:\/\/yestoday.fr\/en\/wp-json\/wp\/v2\/product\/7856","targetHints":{"allow":["GET"]}}],"collection":[{"href":"https:\/\/yestoday.fr\/en\/wp-json\/wp\/v2\/product"}],"about":[{"href":"https:\/\/yestoday.fr\/en\/wp-json\/wp\/v2\/types\/product"}],"wp:featuredmedia":[{"embeddable":true,"href":"https:\/\/yestoday.fr\/en\/wp-json\/wp\/v2\/media\/7860"}],"wp:attachment":[{"href":"https:\/\/yestoday.fr\/en\/wp-json\/wp\/v2\/media?parent=7856"}],"wp:term":[{"taxonomy":"product_brand","embeddable":true,"href":"https:\/\/yestoday.fr\/en\/wp-json\/wp\/v2\/product_brand?post=7856"},{"taxonomy":"product_cat","embeddable":true,"href":"https:\/\/yestoday.fr\/en\/wp-json\/wp\/v2\/product_cat?post=7856"},{"taxonomy":"product_tag","embeddable":true,"href":"https:\/\/yestoday.fr\/en\/wp-json\/wp\/v2\/product_tag?post=7856"}],"curies":[{"name":"wp","href":"https:\/\/api.w.org\/{rel}","templated":true}]}}